{"id":102,"date":"2011-06-22T16:17:11","date_gmt":"2011-06-22T15:17:11","guid":{"rendered":"https:\/\/www.alainlarivierephoto.com\/?page_id=102"},"modified":"2019-10-01T17:35:21","modified_gmt":"2019-10-01T15:35:21","slug":"biographie","status":"publish","type":"page","link":"https:\/\/alainlarivierephoto.com\/?page_id=102","title":{"rendered":"Biographie"},"content":{"rendered":"<div id=\"attachment_1524\" style=\"width: 490px\" class=\"wp-caption alignright\"><img loading=\"lazy\" decoding=\"async\" aria-describedby=\"caption-attachment-1524\" class=\"size-full wp-image-1524  colorbox-102\" title=\"Le photographe\" src=\"https:\/\/www.alainlarivierephoto.com\/wp-content\/uploads\/2011\/07\/Le-photographe.jpg\" alt=\"Le photographe\" width=\"480\" height=\"317\" srcset=\"https:\/\/alainlarivierephoto.com\/wp-content\/uploads\/2011\/07\/Le-photographe.jpg 480w, https:\/\/alainlarivierephoto.com\/wp-content\/uploads\/2011\/07\/Le-photographe-150x99.jpg 150w, https:\/\/alainlarivierephoto.com\/wp-content\/uploads\/2011\/07\/Le-photographe-300x198.jpg 300w\" sizes=\"auto, (max-width: 480px) 100vw, 480px\" \/><p id=\"caption-attachment-1524\" class=\"wp-caption-text\"><span style=\"color: #c0c0c0;\"><strong>Le photographe sur le terrain<\/strong><\/span><\/p><\/div>\n<p>&nbsp;<\/p>\n<p>&nbsp;<\/p>\n<p>&nbsp;<\/p>\n<p>&nbsp;<\/p>\n<p style=\"text-align: justify;\"><span style=\"color: #ff9900;\"><strong>Je suis Passionn\u00e9 de photographie depuis 1970, mais \u00e9galement d\u2019entomologie (depuis les ann\u00e9es 80), avec pour sp\u00e9cialit\u00e9 l\u2019\u00e9tude des gu\u00eapes Sph\u00e9cides (Hymenoptera Sphecidae).<\/strong><\/span><\/p>\n<p style=\"text-align: justify;\"><span style=\"color: #ff9900;\"><strong>La pratique de ces deux activit\u00e9s m&rsquo;a permis de d\u00e9velopper un sens de l&rsquo;observation aigu et l\u2019apprentissage de la patience.<\/strong><\/span><\/p>\n<p>&nbsp;<\/p>\n<p>&nbsp;<\/p>\n<p>&nbsp;<\/p>\n<p>&nbsp;<\/p>\n<p style=\"text-align: justify;\"><span style=\"color: #c0c0c0;\"><strong>Mon \u00e9quipement : Je suis rest\u00e9 fid\u00e8le \u00e0 la marque NIKON depuis l\u2019achat de mon premier bo\u00eetier &#8211; un NIKKORMAT FTN.\u00a0<\/strong><\/span><\/p>\n<p style=\"text-align: justify;\"><span style=\"color: #c0c0c0;\"><strong>Mes sujets pr\u00e9f\u00e9r\u00e9s : La photomacrographie et la proxiphotographie tiennent une place pr\u00e9pond\u00e9rante dans mon univers photographique. Pour autant, il ne me d\u00e9plait pas d\u2019aborder d\u2019autres th\u00e8mes\u00a0: les ambiances nocturnes, les paysages, les instantan\u00e9s insolites et humoristiques, les reportages. Mais mon domaine de pr\u00e9dilection reste le monde des invert\u00e9br\u00e9s et des plantes &#8211; monde foisonnant de formes, de textures et de couleurs que la photographie met \u00e0 port\u00e9e de notre regard en r\u00e9v\u00e9lant les d\u00e9tails qui \u00e9chappent \u00e0 notre vision globale.<\/strong><\/span><\/p>\n<h2 style=\"text-align: justify;\"><span style=\"color: #c0c0c0;\"><strong>Parcours photographique :<\/strong><\/span><\/h2>\n<p style=\"text-align: justify;\"><span style=\"color: #c0c0c0;\"><strong><span style=\"color: #ff9900;\">1970<\/span>\u00a0 Mes premiers pas.<\/strong><\/span><\/p>\n<p style=\"text-align: justify;\"><span style=\"color: #c0c0c0;\"><strong><span style=\"color: #ff9900;\">1976<\/span>\u00a0 Vrais d\u00e9buts photographiques avec l&rsquo;achat d&rsquo;un bo\u00eetier Nikon F2 et son viseur \u00e0 100 % du champ observ\u00e9.<\/strong><\/span><\/p>\n<p style=\"text-align: justify;\"><span style=\"color: #c0c0c0;\"><strong><span style=\"color: #ff9900;\">1981<\/span> Coupe Photographique des Naturalistes Orl\u00e9anais : 2<sup>\u00e8me<\/sup>, 3<sup>\u00e8me<\/sup> et 5<sup>\u00e8me<\/sup> prix cat\u00e9gorie diapos, 1<sup>\u00e8re<\/sup> place en tirage papier couleur. 1<sup>er<\/sup> prix, cat\u00e9gorie nature, du \u00ab\u00a0CHAMPIONNAT NATIONAL DE LA COULEUR\u00a0\u00bb organis\u00e9 par Kodak avec un clich\u00e9 repr\u00e9sentant en gros plan, de face, un dipt\u00e8re tabanide \u00ab\u00a0<em>Haematopota italica<\/em> \u00bb.<\/strong><\/span><\/p>\n<p style=\"text-align: justify;\"><span style=\"color: #c0c0c0;\"><strong><span style=\"color: #ff9900;\">1982<\/span> Publication de l&rsquo;image prim\u00e9e dans \u00ab\u00a0Le grand livre de la Terre\u00a0\u00bb d&rsquo;Albert Ducrocq paru aux \u00e9ditions Fernand Nathan. Exposition durant un mois de sept photomacrographies au Centre d&rsquo; Information Kodak, avenue Georges V \u00e0 Paris.<\/strong><\/span><\/p>\n<p style=\"text-align: justify;\"><span style=\"color: #c0c0c0;\"><strong><span style=\"color: #ff9900;\">1983<\/span>\u00a0 Publication d&rsquo;un dossier sur les insectes en gros plan dans la revue \u00ab\u00a0Chasseur d&rsquo; Images\u00a0\u00bb du mois de mai (n\u00b0 52). Concours du Photo Cin\u00e9 Club Orl\u00e9anais (PCCO) : 1<sup>\u00e8re<\/sup> et 2<sup>\u00e8me<\/sup> place de la s\u00e9rie macrophotographies.<\/strong><\/span><\/p>\n<p style=\"text-align: justify;\"><span style=\"color: #c0c0c0;\"><strong><span style=\"color: #ff9900;\">1984<\/span> Publication d&rsquo;un article sur la diversit\u00e9 des insectes dans la revue \u00ab\u00a0Notre Temps\u00a0\u00bb (n\u00b0 175); article pr\u00e9sentant mon approche photographique dans le \u00ab\u00a0Sept sur 7\u00a0\u00bb, suppl\u00e9ment du quotidien \u00ab\u00a0La R\u00e9publique du Centre\u00a0\u00bb\u00a0du vendredi 24 ao\u00fbt.<\/strong><\/span><\/p>\n<p style=\"text-align: justify;\"><span style=\"color: #c0c0c0;\"><strong><span style=\"color: #ff9900;\">1985<\/span>\u00a0 Signature d&rsquo;un contrat \u00e0 l&rsquo; agence Jacana.<\/strong><\/span><\/p>\n<p style=\"text-align: justify;\"><span style=\"color: #c0c0c0;\"><strong><span style=\"color: #ff9900;\">1995<\/span> Prix de la meilleure photo couleur au 5<sup>\u00e8me<\/sup> salon d&rsquo; Art Photographique de Briare (Loiret).<\/strong><\/span><\/p>\n<p style=\"text-align: justify;\"><span style=\"color: #c0c0c0;\"><strong><span style=\"color: #ff9900;\">1997 \u00a0<\/span>Publication d&rsquo;un article sur les insectes et leur vision dans la revue \u00ab\u00a0Le journal de la Sologne\u00a0\u00bb (n\u00b0 97).<\/strong><\/span><\/p>\n<p style=\"text-align: justify;\"><span style=\"color: #c0c0c0;\"><strong><span style=\"color: #ff9900;\">2005<\/span> \u00a0Concours de la F\u00e9d\u00e9ration Photographique de France (FPF) \u00e0 Dou\u00e9-la-Fontaine : 3<sup>\u00e8me<\/sup> prix cat\u00e9gorie diapositive en National 2.<\/strong><\/span><\/p>\n<p style=\"text-align: justify;\"><span style=\"color: #c0c0c0;\"><strong><span style=\"color: #ff9900;\">2012<\/span> \u00a0Du 2 au 27 avril, exposition de 37 clich\u00e9s format A3, \u00e0 la mairie de Saint-Yrieix-la-Perche (Haute-Vienne &#8211; France), et du 2 juin au 11 juillet, exposition de 25 clich\u00e9s format A3, au Mus\u00e9e de la photographie de Gra\u00e7ay (Cher &#8211; France) avec pour th\u00e8mes : \u00ab\u00a0Au coeur des fleurs\u00a0\u00bb, \u00ab\u00a0Les outrages du temps\u00a0\u00bb, \u00ab\u00a0Le monde des vitrines\u00a0\u00bb et \u00ab\u00a0Les insolites\u00a0\u00bb.<\/strong><\/span><\/p>\n<p style=\"text-align: justify;\"><strong><span style=\"color: #c0c0c0;\"><span style=\"color: #ff9900;\">2013<\/span> \u00a02 <strong><sup>\u00e8me<\/sup><\/strong>\u00a0du Concours R\u00e9gional Auteurs 1 (URCO &#8211; FPF) et 17 <strong><sup>\u00e8me<\/sup><\/strong>\u00a0du Concours National Auteurs 1 (FPF)<strong><sup>.<\/sup><\/strong><\/span><\/strong><span style=\"color: #c0c0c0;\"><strong>avec la s\u00e9rie \u00ab\u00a0Les grands thermes\u00a0\u00bb repr\u00e9sentant des thermes abandonn\u00e9s, un travail que j&rsquo;ai r\u00e9alis\u00e9 pendant deux ann\u00e9es et trait\u00e9 avec une grande pr\u00e9cision. Je me suis particuli\u00e8rement attach\u00e9 \u00e0 restituer les magnifiques couleurs et lumi\u00e8res de ces lieux maintenant d\u00e9serts.<\/strong><\/span><\/p>\n<p style=\"text-align: justify;\"><span style=\"color: #c0c0c0;\"><strong>Depuis 27 ans publications dans de nombreux journaux, livres et revues (+ de 200).<\/strong><\/span><\/p>\n<p style=\"text-align: justify;\"><span style=\"color: #c0c0c0;\"><strong>28 ann\u00e9es de vie associative : de 1980 \u00e0 2007 membre de l&rsquo;\u00ab\u00a0ACAPI\u00a0\u00bb (Atelier Cin\u00e9 Audio Photo d&rsquo;Ingr\u00e9, Loiret, France &#8211; http:\/\/www.acapi.org\/) et, depuis 2008, de \u00ab\u00a0O2 le cercle des photographes\u00a0&#8211; http:\/\/www.o2lecercledesphotographes.com\/\u00bb, club de Saint-Denis-en-Val, Loiret, France.<\/strong><\/span><\/p>\n<p style=\"text-align: justify;\"><span style=\"color: #c0c0c0;\"><strong>Depuis quelques ann\u00e9es je travaille en num\u00e9rique (scans et prises de vues), avec le sentiment de passer, souvent, plus de temps devant l\u2019\u00e9cran d\u2019ordinateur que derri\u00e8re le viseur de l\u2019appareil photo. Malgr\u00e9 tout, la technologie num\u00e9rique met \u00e0 la disposition du photographe des outils qui \u00e9tendent sa cr\u00e9ativit\u00e9, par rapport \u00e0 ce que permettait l\u2019argentique.<\/strong><\/span><\/p>\n<p style=\"text-align: justify;\"><span style=\"color: #c0c0c0;\"><strong>Je r\u00e9alise mes prises de vues sans me laisser influencer par les modes et tendances photographiques. N\u2019y voyez pas l\u00e0 de l\u2019indiff\u00e9rence, car j\u2019\u00e9prouve beaucoup de plaisir \u00e0 d\u00e9couvrir d\u2019autres images, d\u2019autres univers photographiques, mais je d\u00e9sire fa\u00e7onner mes photographies selon ma sensibilit\u00e9 et une vision personnelle de ce qui m\u2019entoure.<\/strong><\/span><\/p>\n<p>&nbsp;<\/p>\n<p style=\"text-align: justify;\"><span style=\"color: #c0c0c0;\"><strong>Je tiens \u00e0 remercier tout particuli\u00e8rement trois personnes, des amis, qui m&rsquo;ont encourag\u00e9 \u00e0 r\u00e9aliser ce site.<\/strong><\/span><\/p>\n<p style=\"text-align: justify;\"><span style=\"color: #c0c0c0;\"><strong>Le premier, Jean Guy Roy, a commenc\u00e9 \u00e0 d\u00e9fricher chez moi le terrain du langage PHP et des bases MySQL, du serveur Apache et autres arcanes de la programmation.\u00a0 A l&rsquo;\u00e9poque j&rsquo;avais compris, gr\u00e2ce \u00e0 ses explications, comment fonctionne un site dynamique et comment est produit du code HTML ;<\/strong><\/span><\/p>\n<p style=\"text-align: justify;\"><a title=\"Site photographique de Jean-Guy Roy\" href=\"http:\/\/www.jeanguyroyphoto.com\/\" target=\"_blank\" rel=\"noopener noreferrer\"><span style=\"color: #c0c0c0;\">http:\/\/www.jeanguyroyphoto.com\/<\/span><\/a><\/p>\n<p style=\"text-align: justify;\"><span style=\"color: #c0c0c0;\"><strong>Le second, St\u00e9phane Vilcoq, lors d&rsquo;une th\u00e9mathique sur l&rsquo;utilisation de WordPress et \u00e0 l&rsquo;aide du tutoriel r\u00e9dig\u00e9 de mani\u00e8re concise et pr\u00e9cise par ses soins, m&rsquo;a donn\u00e9 l&rsquo;envie d&rsquo;utiliser ce logiciel afin de r\u00e9aliser un site dynamique en langage PHP ;<\/strong><\/span><\/p>\n<p style=\"text-align: justify;\"><a title=\"Site photographique de St\u00e9phane Vilcoq\" href=\"http:\/\/www.negarimes.com\/\" target=\"_blank\" rel=\"noopener noreferrer\"><span style=\"color: #c0c0c0;\">http:\/\/www.negarimes.com\/<\/span><\/a><\/p>\n<p style=\"text-align: justify;\"><span style=\"color: #c0c0c0;\"><strong>Le troisi\u00e8me, G\u00e9rard de Temmerman, sans son aide \u00ab\u00a0mon\u00a0\u00bb site serait rest\u00e9, probablement, \u00e0 l&rsquo;\u00e9tat de projet non abouti si j&rsquo;avais d\u00fb me pencher seul sur sa r\u00e9alisation. Tel un chirurgien, il est all\u00e9 jouer du bistouri dans les fichiers de configuration, modifiant le code afin de personnaliser le site \u00e0 ma convenance. Merci G\u00e9rard d&rsquo;avoir consacr\u00e9 de ton temps pour moi.<\/strong><\/span><\/p>\n<p style=\"text-align: justify;\"><a title=\"Site photographique de G\u00e9rard de Temmerman\" href=\"http:\/\/www.gdtphotos.com\/\" target=\"_blank\" rel=\"noopener noreferrer\"><span style=\"color: #c0c0c0;\">http:\/\/www.gdtphotos.com\/<\/span><\/a><\/p>\n","protected":false},"excerpt":{"rendered":"<p>&nbsp; &nbsp; &nbsp; &nbsp; Je suis Passionn\u00e9 de photographie depuis 1970, mais \u00e9galement d\u2019entomologie (depuis les ann\u00e9es 80), avec pour sp\u00e9cialit\u00e9 l\u2019\u00e9tude des gu\u00eapes Sph\u00e9cides (Hymenoptera Sphecidae). La pratique de ces deux activit\u00e9s m&rsquo;a permis de d\u00e9velopper un sens de l&rsquo;observation aigu et l\u2019apprentissage de la patience. &nbsp; &nbsp; &nbsp; &nbsp; Mon \u00e9quipement : Je [&hellip;]<\/p>\n","protected":false},"author":1,"featured_media":0,"parent":0,"menu_order":1,"comment_status":"closed","ping_status":"closed","template":"","meta":{"footnotes":"","_links_to":"","_links_to_target":""},"class_list":["post-102","page","type-page","status-publish","hentry"],"_links":{"self":[{"href":"https:\/\/alainlarivierephoto.com\/index.php?rest_route=\/wp\/v2\/pages\/102","targetHints":{"allow":["GET"]}}],"collection":[{"href":"https:\/\/alainlarivierephoto.com\/index.php?rest_route=\/wp\/v2\/pages"}],"about":[{"href":"https:\/\/alainlarivierephoto.com\/index.php?rest_route=\/wp\/v2\/types\/page"}],"author":[{"embeddable":true,"href":"https:\/\/alainlarivierephoto.com\/index.php?rest_route=\/wp\/v2\/users\/1"}],"replies":[{"embeddable":true,"href":"https:\/\/alainlarivierephoto.com\/index.php?rest_route=%2Fwp%2Fv2%2Fcomments&post=102"}],"version-history":[{"count":62,"href":"https:\/\/alainlarivierephoto.com\/index.php?rest_route=\/wp\/v2\/pages\/102\/revisions"}],"predecessor-version":[{"id":14676,"href":"https:\/\/alainlarivierephoto.com\/index.php?rest_route=\/wp\/v2\/pages\/102\/revisions\/14676"}],"wp:attachment":[{"href":"https:\/\/alainlarivierephoto.com\/index.php?rest_route=%2Fwp%2Fv2%2Fmedia&parent=102"}],"curies":[{"name":"wp","href":"https:\/\/api.w.org\/{rel}","templated":true}]}}